{"id":19,"date":"2020-03-31T15:25:24","date_gmt":"2020-03-31T15:25:24","guid":{"rendered":"http:\/\/www.thomaszindel.ch\/Wordpress\/?page_id=19"},"modified":"2024-09-16T15:08:21","modified_gmt":"2024-09-16T15:08:21","slug":"ausstellungen","status":"publish","type":"page","link":"http:\/\/www.thomaszindel.ch\/Wordpress\/ausstellungen\/","title":{"rendered":"Ausstellungen"},"content":{"rendered":"\n<p><\/p>\n\n\n\n<p>2024<\/p>\n\n\n\n<p>Sala Segantini, Savognin<\/p>\n\n\n\n<p>2023<\/p>\n\n\n\n<p>Galerie Solca, Chur<br>Raphael Kirche, Pforzheim DE<\/p>\n\n\n\n<p>2022<\/p>\n\n\n\n<p>Stadtgalerie, Chur<\/p>\n\n\n\n<p>2015<\/p>\n\n\n\n<p>Stadtgalerie, Chur<br>Kunsthaus Aarau, Sammlung f\u00fcr Gegenwartskunst (Schenkung Dr. und Dr. Raguse)<\/p>\n\n\n\n<p>2014<\/p>\n\n\n\n<p>Kunstverein, Frauenfeld, <a href=\"http:\/\/thomaszindel.ch\/Galerie\/pdf\/Zindel%20Kunstverein%20Frauenfeld.pdf\">Text zur Ausstellung<\/a><br>Stadtgalerie, Chur<\/p>\n\n\n\n<p>2011<\/p>\n\n\n\n<p>Sammlung und Galerie S\/Z, Uerikon<br>Kunsthandel Vonlanthen, Chur<\/p>\n\n\n\n<p>2010<\/p>\n\n\n\n<p>Galerie Adrian Bleisch, Arbon<br>Psychiatrische Klinik, Pf\u00e4fers<br>Galerie sylva denzler, Z\u00fcrich<\/p>\n\n\n\n<p>2009<\/p>\n\n\n\n<p>Galerie sylva denzler, Z\u00fcrich<br>Museum in Bewegung, Pr\u00e4ttigau<\/p>\n\n\n\n<p>2008<\/p>\n\n\n\n<p>Galerie 14, Marieke Hengartner, Maienfeld<br>Alte Postremise, Chur (Kat)<\/p>\n\n\n\n<p>2007<\/p>\n\n\n\n<p>Galerie sylva denzler, Z\u00fcrich<\/p>\n\n\n\n<p>2006<\/p>\n\n\n\n<p>Galerie Fravi 2, Domat Ems<\/p>\n\n\n\n<p>2002<\/p>\n\n\n\n<p>Engl\u00e4nderbau, Vaduz, Gruppenausstellung (Kat)<\/p>\n\n\n\n<p>2000<\/p>\n\n\n\n<p>Cart. Arena, Chur (Kat)<\/p>\n\n\n\n<p>1998<\/p>\n\n\n\n<p>Galerie Plazzet, Samedan (mit Menga Dolf)<\/p>\n\n\n\n<p>1997<\/p>\n\n\n\n<p>Galerie Via Fravi 2, Domat\/Ems<\/p>\n\n\n\n<p>1996<\/p>\n\n\n\n<p>Galerie Mesmer, Basel<\/p>\n\n\n\n<p>1995<\/p>\n\n\n\n<p>\u00abDie Druckgrafik 1978 bis 1995\u00bb, B\u00fcndner Kunstmuseum, Chur (Kat)<\/p>\n\n\n\n<p>1994<\/p>\n\n\n\n<p>Galerie Mesmer, Basel<br>Galerie Ursula Siegenthaler, Z\u00fcrich<br>Galerie Susi Landolf, Glattbrugg (Gruppenausstellung)<\/p>\n\n\n\n<p>1993<\/p>\n\n\n\n<p>Kunsthandlung Luciano Fasciati,Chur<br>Galerie Priska Meier, Zell<\/p>\n\n\n\n<p>1992<\/p>\n\n\n\n<p>Galerie Nova, Pontresina (mit Markus Casanova)<\/p>\n\n\n\n<p>1991<\/p>\n\n\n\n<p>Kunsthaus Z\u00fcrich (Kat) (mit Gaudenz Signorell, Markus Casanova)<br>Galerie Mesmer, Basel<\/p>\n\n\n\n<p>1989<\/p>\n\n\n\n<p>Galerie Mesmer, Basel<br>Galerie E, Z\u00fcrich<br>\u00abBabel, 2. Bauetappe,Versuch einer Orientierung\u00bb, ART 20\u201989, Basel (Kat)<br>Binz 39, Scuol<\/p>\n\n\n\n<p>1988<\/p>\n\n\n\n<p>Galerie Neue Kunst, Wil<br>Galerie Mesmer, Basel (mit Markus Casanova, Peter Trachsel)<\/p>\n\n\n\n<p>1987<\/p>\n\n\n\n<p>\u00ab16 Schweizer K\u00fcnstler mit: Druckgrafik der 80er Jahre\u00bb, B\u00fcndner Kunstmuseum, Chur 1987 (Kat)<\/p>\n\n\n\n<p>1986<\/p>\n\n\n\n<p>\u00abVier B\u00fcndner: Elisabeth Arpagaus, Gaudenz Signorell, Hannes Vogel, Thomas Zindel\u00bb,<br>Stadthaus, Olten (Kat)<br>\u00abDie verlorene und die ersehnte Zeit\u00bb, Galerie Apropos, Luzern<br>Aktionsraum junger Schweizer K\u00fcnstler, Shed Halle 9, Rote Fabrik, Z\u00fcrich (Kat)<\/p>\n\n\n\n<p>1985<\/p>\n\n\n\n<p>\u00abAspekte aktueller B\u00fcndner Kunst\u00bb, B\u00fcndner Kunstmuseum, Chur<br>(Kat), mit Bignia Corradini, Robert Cavegn, Gregor Lanz, Peter Pfosi<br>Galerie Nicole Gonet, Lausanne<br>\u00ab11 B\u00fcndner K\u00fcnstler. Zeichnungen und Druckgrafik\u00bb, Waaghaus, St. Gallen<br>Galerie Kulturpalazzo, Liestal (mit Olivia Etter, Wilfried Riess)<br>\u00abDies irae. Drei sakrale R\u00e4ume\u00bb, Galerie Narrenschiff, Chur<\/p>\n\n\n\n<p>1984<\/p>\n\n\n\n<p>\u00abKunst der Gegenwart, Zeichnungen und Druckgrafik\u00bb,<br>B\u00fcndner Kunstmuseum, Chur (Kat)<br>Galerie Andr\u00e9 Emmerich, Z\u00fcrich (mit G\u00fcnther Wizemann und Gaudenz Signorell)<\/p>\n\n\n\n<p>1981<\/p>\n\n\n\n<p>Kunstmuseum Chur (Kat)<\/p>\n","protected":false},"excerpt":{"rendered":"<p>2024 Sala Segantini, Savognin 2023 Galerie Solca, ChurRaphael Kirche, Pforzheim DE 2022 Stadtgalerie, Chur 2015 Stadtgalerie, ChurKunsthaus Aarau, Sammlung f\u00fcr Gegenwartskunst (Schenkung Dr. und Dr. Raguse) 2014 Kunstverein, Frauenfeld, Text zur AusstellungStadtgalerie, Chur 2011 Sammlung und Galerie S\/Z, UerikonKunsthandel Vonlanthen, Chur 2010 Galerie Adrian Bleisch, ArbonPsychiatrische Klinik, Pf\u00e4fersGalerie sylva denzler, Z\u00fcrich 2009 Galerie sylva denzler, &hellip; <a href=\"http:\/\/www.thomaszindel.ch\/Wordpress\/ausstellungen\/\" class=\"more-link\"><span class=\"screen-reader-text\">&#8220;Ausstellungen&#8221; <\/span>weiterlesen<\/a><\/p>\n","protected":false},"author":1,"featured_media":0,"parent":0,"menu_order":0,"comment_status":"closed","ping_status":"closed","template":"","meta":{"ngg_post_thumbnail":0,"footnotes":""},"class_list":["post-19","page","type-page","status-publish","hentry"],"_links":{"self":[{"href":"http:\/\/www.thomaszindel.ch\/Wordpress\/wp-json\/wp\/v2\/pages\/19"}],"collection":[{"href":"http:\/\/www.thomaszindel.ch\/Wordpress\/wp-json\/wp\/v2\/pages"}],"about":[{"href":"http:\/\/www.thomaszindel.ch\/Wordpress\/wp-json\/wp\/v2\/types\/page"}],"author":[{"embeddable":true,"href":"http:\/\/www.thomaszindel.ch\/Wordpress\/wp-json\/wp\/v2\/users\/1"}],"replies":[{"embeddable":true,"href":"http:\/\/www.thomaszindel.ch\/Wordpress\/wp-json\/wp\/v2\/comments?post=19"}],"version-history":[{"count":8,"href":"http:\/\/www.thomaszindel.ch\/Wordpress\/wp-json\/wp\/v2\/pages\/19\/revisions"}],"predecessor-version":[{"id":838,"href":"http:\/\/www.thomaszindel.ch\/Wordpress\/wp-json\/wp\/v2\/pages\/19\/revisions\/838"}],"wp:attachment":[{"href":"http:\/\/www.thomaszindel.ch\/Wordpress\/wp-json\/wp\/v2\/media?parent=19"}],"curies":[{"name":"wp","href":"https:\/\/api.w.org\/{rel}","templated":true}]}}